{"id":481,"date":"2017-04-27T11:24:50","date_gmt":"2017-04-27T10:24:50","guid":{"rendered":"http:\/\/www.sporilovskams.cz\/trencinska\/?page_id=481"},"modified":"2025-09-16T09:05:07","modified_gmt":"2025-09-16T08:05:07","slug":"provoz-sj","status":"publish","type":"page","link":"https:\/\/www.sporilovskams.cz\/trencinska\/provoz-sj\/","title":{"rendered":"Provoz \u0160J"},"content":{"rendered":"<p><span style=\"font-family: arial black, sans-serif\">Provozn\u00ed \u0159\u00e1d \u0161koln\u00ed j\u00eddelny<\/span><\/p>\n<p><span style=\"font-family: arial, helvetica, sans-serif\">Spo\u0159ilovsk\u00e1 mate\u0159sk\u00e1 \u0161kola<\/span><br \/>\n<span style=\"font-family: arial, helvetica, sans-serif\">Praha 4, Jihoz\u00e1padn\u00ed 4<\/span><br \/>\n<span style=\"font-family: arial, helvetica, sans-serif\">Jihoz\u00e1padn\u00ed IV. 1760\/4<\/span><br \/>\n<span style=\"font-family: arial, helvetica, sans-serif\">odlou\u010den\u00e9 pracovi\u0161t\u011b:<\/span><br \/>\n<span style=\"font-family: arial, helvetica, sans-serif\">Tren\u010d\u00ednsk\u00e1 2770\/7, Praha 4<\/span><br \/>\n<span style=\"font-family: arial, helvetica, sans-serif\">I\u010c: 61 38 42 41<\/span><\/p>\n<p><span style=\"font-family: arial, helvetica, sans-serif\">zpracovala: Lenka Lavi\u010dkov\u00e1<\/span><br \/>\n<span style=\"font-family: arial, helvetica, sans-serif\">platnost od: 1.9.2025<\/span><br \/>\n<span style=\"font-family: arial, helvetica, sans-serif\">aktualizace: 1.9.2025<\/span><\/p>\n<p><span style=\"font-family: arial, helvetica, sans-serif\">Projedn\u00e1no s schv\u00e1leno na provozn\u00ed porad\u011b 27.8.2025<\/span><\/p>\n<p><span style=\"font-family: arial, helvetica, sans-serif\">OBSAH:<\/span><br \/>\n<span style=\"font-family: arial, helvetica, sans-serif\">1. V\u0161eobecn\u00e1 \u010d\u00e1st<\/span><br \/>\n<span style=\"font-family: arial, helvetica, sans-serif\">2. Organizace provozu stravov\u00e1n\u00ed<\/span><br \/>\n<span style=\"font-family: arial, helvetica, sans-serif\">2.1. V\u00fddej stravy a pitn\u00fd re\u017eim<\/span><br \/>\n<span style=\"font-family: arial, helvetica, sans-serif\">2.2. Provoz \u0161koln\u00ed j\u00eddelny p\u0159i uzav\u0159en\u00ed mate\u0159sk\u00e9<\/span><br \/>\n<span style=\"font-family: arial, helvetica, sans-serif\">\u0161koly z d\u016fvodu nep\u0159\u00edzniv\u00e9 epidemiologick\u00e9<\/span><br \/>\n<span style=\"font-family: arial, helvetica, sans-serif\">situace<\/span><br \/>\n<span style=\"font-family: arial, helvetica, sans-serif\">2.3. Odhla\u0161ov\u00e1n\u00ed stravy<\/span><br \/>\n<span style=\"font-family: arial, helvetica, sans-serif\">2.4. Platby za stravn\u00e9 a vy\u00fa\u010dtov\u00e1n\u00ed<\/span><br \/>\n<span style=\"font-family: arial, helvetica, sans-serif\">2.5. Finan\u010dn\u00ed normativy pro str\u00e1vn\u00edky<\/span><br \/>\n<span style=\"font-family: arial, helvetica, sans-serif\">3. Zam\u011bstnanci \u0161koln\u00ed j\u00eddelny<\/span><br \/>\n<span style=\"font-family: arial, helvetica, sans-serif\">4. Konzulta\u010dn\u00ed a \u00fa\u0159edn\u00ed hodiny<\/span><br \/>\n<span style=\"font-family: arial, helvetica, sans-serif\">5. Platnost a \u00fa\u010dinnost \u0159\u00e1du<\/span><\/p>\n<p><span style=\"font-family: arial, helvetica, sans-serif\">1. V\u0161eobecn\u00e1 \u010d\u00e1st<\/span><br \/>\n<span style=\"font-family: arial, helvetica, sans-serif\">Stravu ve \u0161koln\u00ed j\u00eddeln\u011b zaji\u0161\u0165uje mate\u0159sk\u00e1 \u0161kola ve vlastn\u00ed<\/span><br \/>\n<span style=\"font-family: arial, helvetica, sans-serif\">v\u00fdva\u0159ovn\u011b v souladu s vyhl\u00e1\u0161kou \u010d. 107\/2005 Sb.<\/span><br \/>\n<span style=\"font-family: arial, helvetica, sans-serif\">O \u0161koln\u00edm stravov\u00e1n\u00ed, od 1.9.2025 Vyhl\u00e1\u0161kou \u010d. 310\/2025 Sb.<\/span><br \/>\n<span style=\"font-family: arial, helvetica, sans-serif\">Kapacita \u0161koln\u00ed j\u00eddelny je 112 str\u00e1vn\u00edk\u016f.<\/span><br \/>\n<span style=\"font-family: arial, helvetica, sans-serif\">J\u00eddeln\u00ed\u010dek sestavuje vedouc\u00ed \u0161koln\u00ed j\u00eddelny ve spolupr\u00e1ci<\/span><br \/>\n<span style=\"font-family: arial, helvetica, sans-serif\">s hlavn\u00ed kucha\u0159kou. P\u0159i jeho sestavov\u00e1n\u00ed dbaj\u00ed na pestrost<\/span><br \/>\n<span style=\"font-family: arial, helvetica, sans-serif\">a vyv\u00e1\u017eenost stravy, dodr\u017euj\u00ed v\u00fd\u017eivov\u00e9 normy stanoven\u00e9<\/span><br \/>\n<span style=\"font-family: arial, helvetica, sans-serif\">pro \u0161koln\u00ed stravov\u00e1n\u00ed.<\/span><br \/>\n<span style=\"font-family: arial, helvetica, sans-serif\">Od 2.9. 2014 je ned\u00edlnou sou\u010d\u00e1st\u00ed j\u00eddeln\u00edho l\u00edstku dle<\/span><br \/>\n<span style=\"font-family: arial, helvetica, sans-serif\">sm\u011brnice \u010d. 1169\/2011 EU uveden\u00ed alergen\u016f obsa\u017een\u00fdch<\/span><br \/>\n<span style=\"font-family: arial, helvetica, sans-serif\">v pokrmech.<\/span><br \/>\n<span style=\"font-family: arial, helvetica, sans-serif\">\u0160koln\u00ed j\u00eddelna neposkytuje dopl\u0148kov\u00e9 stravov\u00e1n\u00ed pro ciz\u00ed<\/span><br \/>\n<span style=\"font-family: arial, helvetica, sans-serif\">str\u00e1vn\u00edky.<\/span><br \/>\n<span style=\"font-family: arial, helvetica, sans-serif\">D\u011bti v mate\u0159sk\u00e9 \u0161kole nesm\u011bj\u00ed v provozn\u00ed dob\u011b konzumovat<\/span><br \/>\n<span style=\"font-family: arial, helvetica, sans-serif\">j\u00eddla p\u0159ipraven\u00e1 mimo \u0161koln\u00ed kuchy\u0148 (dorty, cukrov\u00ed,<\/span><br \/>\n<span style=\"font-family: arial, helvetica, sans-serif\">kol\u00e1\u010de). Vyj\u00edmku tvo\u0159\u00ed origin\u00e1ln\u011b zabalen\u00e9 v\u00fdrobky<\/span><br \/>\n<span style=\"font-family: arial, helvetica, sans-serif\">s ozna\u010den\u00edm v\u00fdrobce, slo\u017een\u00edm v\u00fdrobku, dobou trvanlivosti<\/span><br \/>\n<span style=\"font-family: arial, helvetica, sans-serif\">a vyzna\u010den\u00edm alergen\u016f.<\/span><\/p>\n<p><span style=\"font-family: arial, helvetica, sans-serif\">2. Organizace provozu stravov\u00e1n\u00ed<\/span><br \/>\n<span style=\"font-family: arial, helvetica, sans-serif\">2.1. V\u00fddej stravy a pitn\u00fd re\u017eim<\/span><br \/>\n<span style=\"font-family: arial, helvetica, sans-serif\">D\u011bti se v mate\u0159sk\u00e9 \u0161kole stravuj\u00ed 3x denn\u011b za dozoru<\/span><br \/>\n<span style=\"font-family: arial, helvetica, sans-serif\">pan\u00ed u\u010ditelky. Za \u010distotu stol\u016f a podlah zodpov\u00edd\u00e1 pan\u00ed<\/span><br \/>\n<span style=\"font-family: arial, helvetica, sans-serif\">ukl\u00edze\u010dka, kter\u00e1 je v tuto dobu p\u0159\u00edtomna ve t\u0159\u00edd\u011b.<\/span><br \/>\n<span style=\"font-family: arial, helvetica, sans-serif\">Strava se str\u00e1vn\u00edk\u016fm vyd\u00e1v\u00e1 p\u0159es p\u0159\u00edpravn\u00e9 kuchy\u0148ky<\/span><br \/>\n<span style=\"font-family: arial, helvetica, sans-serif\">v jednotliv\u00fdch patrech, kam je dopravena v\u00fdtahem.<\/span><br \/>\n<span style=\"font-family: arial, helvetica, sans-serif\">Z provozn\u00edch d\u016fvod\u016f na\u0161e \u0161koln\u00ed j\u00eddelna neposkytuje<\/span><br \/>\n<span style=\"font-family: arial, helvetica, sans-serif\">dietn\u00ed stravov\u00e1n\u00ed.<\/span><\/p>\n<p><span style=\"font-family: arial, helvetica, sans-serif\">Pokud m\u00e1 str\u00e1vn\u00edk potvrzenou alergii na n\u011bkterou<\/span><br \/>\n<span style=\"font-family: arial, helvetica, sans-serif\">potravinu, je nutno tuto skute\u010dnost dolo\u017eit l\u00e9ka\u0159sk\u00fdm<\/span><br \/>\n<span style=\"font-family: arial, helvetica, sans-serif\">potvrzen\u00edm.<\/span><br \/>\n<span style=\"font-family: arial, helvetica, sans-serif\">V tomto p\u0159\u00edpad\u011b lze alergenn\u00ed slo\u017eku ze stravy vylou\u010dit.<\/span><br \/>\n<span style=\"font-family: arial, helvetica, sans-serif\">Pitn\u00fd re\u017eim je zaji\u0161t\u011bn po celou dobu provozu mate\u0159sk\u00e9<\/span><br \/>\n<span style=\"font-family: arial, helvetica, sans-serif\">\u0161koly. P\u0159i pobytu venku je pitn\u00fd re\u017eim zaji\u0161t\u011bn zahradn\u00edm<\/span><br \/>\n<span style=\"font-family: arial, helvetica, sans-serif\">p\u00edtkem, kter\u00e9 je napojeno na m\u011bstsk\u00fd vodovod.<\/span><br \/>\n<span style=\"font-family: arial, helvetica, sans-serif\">V p\u0159\u00edpad\u011b nep\u0159\u00edzniv\u00e9 epidemiologick\u00e9 situace si d\u011bti<\/span><br \/>\n<span style=\"font-family: arial, helvetica, sans-serif\">ka\u017edodenn\u011b nos\u00ed z domova svou podepsanou lahev na pit\u00ed.<\/span><br \/>\n<span style=\"font-family: arial, helvetica, sans-serif\">V p\u0159\u00edpad\u011b pot\u0159eby jsou v mate\u0159sk\u00e9 \u0161kole k dispozici<\/span><br \/>\n<span style=\"font-family: arial, helvetica, sans-serif\">jednor\u00e1zov\u00e9 kel\u00edmky.<\/span><\/p>\n<p><span style=\"font-family: arial, helvetica, sans-serif\">2.2. Provoz \u0161koln\u00ed j\u00eddelny p\u0159i uzav\u0159en\u00ed mate\u0159sk\u00e9<\/span><br \/>\n<span style=\"font-family: arial, helvetica, sans-serif\">\u0161koly z d\u016fvodu nep\u0159\u00edzniv\u00e9 epidemiologick\u00e9 situace<\/span><br \/>\n<span style=\"font-family: arial, helvetica, sans-serif\">Mate\u0159sk\u00e1 \u0161kola po dobu uzav\u0159en\u00ed z d\u016fvodu na\u0159\u00edzen\u00ed vl\u00e1dy,<\/span><br \/>\n<span style=\"font-family: arial, helvetica, sans-serif\">hygieny nebo z\u0159izovatele mate\u0159sk\u00e9 \u0161koly pro nep\u0159\u00edznivou<\/span><br \/>\n<span style=\"font-family: arial, helvetica, sans-serif\">epidemiologickou situaci p\u0159eru\u0161uje provoz \u0161koln\u00ed j\u00eddleny<\/span><br \/>\n<span style=\"font-family: arial, helvetica, sans-serif\">a nezabezpe\u010duje proto ani mo\u017enost dotovan\u00fdch ob\u011bd\u016f<\/span><br \/>\n<span style=\"font-family: arial, helvetica, sans-serif\">pro d\u011bti s povinnost\u00ed p\u0159ed\u0161koln\u00edho vzd\u011bl\u00e1v\u00e1n\u00ed.<\/span><br \/>\n<span style=\"font-family: arial, helvetica, sans-serif\">D\u016fvodem jsou organiza\u010dn\u00ed a hygienick\u00e9 podm\u00ednky, kdy<\/span><br \/>\n<span style=\"font-family: arial, helvetica, sans-serif\">je v\u00fddej stravy mo\u017en\u00fd pouze ve v\u00fddejn\u00fdch kuchy\u0148k\u00e1ch.<\/span><br \/>\n<span style=\"font-family: arial, helvetica, sans-serif\">\u0160koln\u00ed kuchyn\u011b nem\u00e1 v\u00fddejn\u00ed prostor s v\u00fddejn\u00edm ok\u00e9nkem.<\/span><\/p>\n<p><span style=\"font-family: arial, helvetica, sans-serif\">2.3.Odhla\u0161ov\u00e1n\u00ed stravy <\/span><br \/>\n<span style=\"font-family: arial, helvetica, sans-serif\">Omluvy nep\u0159\u00edtomnosti d\u00edt\u011bte jsou p\u0159ij\u00edm\u00e1ny \u00fastn\u011b ve t\u0159\u00edd\u011b,<\/span><br \/>\n<span style=\"font-family: arial, helvetica, sans-serif\">nebo telefonicky na tel. \u010d\u00edsla: 272 761 116<\/span><br \/>\n<span style=\"font-family: arial, helvetica, sans-serif\">739 168 899 (i sms zpr\u00e1vou)<\/span><br \/>\n<span style=\"font-family: arial, helvetica, sans-serif\">do 8.00 hod. t\u00e9ho\u017e dne.<\/span><br \/>\n<span style=\"font-family: arial, helvetica, sans-serif\">D\u011bti jsou automaticky p\u0159ihl\u00e1\u0161eny k celodenn\u00edmu<\/span><br \/>\n<span style=\"font-family: arial, helvetica, sans-serif\">stravov\u00e1n\u00ed a nepot\u0159ebuj\u00ed speci\u00e1ln\u00ed p\u0159ihl\u00e1\u0161ku.<\/span><br \/>\n<span style=\"font-family: arial, helvetica, sans-serif\">V p\u0159\u00edpad\u011b odchodu dom\u016f po ob\u011bd\u011b nen\u00ed \u00fa\u010dtov\u00e1na odpoledn\u00ed sva\u010dina. Tuto skute\u010dnost je nutno sd\u011blit r\u00e1no p\u0159i p\u0159\u00edchodu d\u00edt\u011bte do mate\u0159sk\u00e9 \u0161koly, nejpozd\u011bji<\/span><br \/>\n<span style=\"font-family: arial, helvetica, sans-serif\">v\u0161ak do 11.00 hod. Pokud nen\u00ed str\u00e1vn\u00edk \u0159\u00e1dn\u011b omluven,<\/span><br \/>\n<span style=\"font-family: arial, helvetica, sans-serif\">je mu v den nep\u0159\u00edtomnosti \u00fa\u010dtov\u00e1no<\/span><br \/>\n<span style=\"font-family: arial, helvetica, sans-serif\">polodenn\u00ed stravn\u00e9. Z hygienick\u00fdch d\u016fvod\u016f nen\u00ed mo\u017en\u00e9<\/span><br \/>\n<span style=\"font-family: arial, helvetica, sans-serif\">si pro neodhl\u00e1\u0161enou stravu p\u0159ij\u00edt.<\/span><\/p>\n<p><span style=\"font-family: arial, helvetica, sans-serif\">2.4.Platby za stravn\u00e9 a vy\u00fa\u010dtov\u00e1n\u00ed<\/span><br \/>\n<span style=\"font-family: arial, helvetica, sans-serif\">Platba za stravn\u00e9 se vyb\u00edr\u00e1 m\u011bs\u00ed\u010dn\u011b se splatnost\u00ed k 10.dni<\/span><br \/>\n<span style=\"font-family: arial, helvetica, sans-serif\">p\u0159\u00edslu\u0161n\u00e9ho m\u011bs\u00edce a to takto:<\/span><br \/>\n<span style=\"font-family: arial, helvetica, sans-serif\">a) hotovostn\u011b u vedouc\u00ed \u0161koln\u00ed j\u00eddelny ve stanoven\u00fd den<\/span><br \/>\n<span style=\"font-family: arial, helvetica, sans-serif\">b) bezhotovostn\u00ed z\u00e1lohovou platbou ve v\u00fd\u0161i K\u010d 1080,-<\/span><\/p>\n<p><span style=\"font-family: arial, helvetica, sans-serif\">\u010d. \u00fa\u010dtu \u0161koln\u00ed j\u00eddelny: 68732339\/0800<\/span><\/p>\n<p><span style=\"font-family: arial, helvetica, sans-serif\">Ka\u017ed\u00fd str\u00e1vn\u00edk m\u00e1 p\u0159id\u011blen od vedouc\u00ed \u0161koln\u00ed j\u00eddelny<\/span><br \/>\n<span style=\"font-family: arial, helvetica, sans-serif\">variabiln\u00ed symbol, kter\u00fd je platn\u00fd po celou dobu doch\u00e1zky<\/span><br \/>\n<span style=\"font-family: arial, helvetica, sans-serif\">do mate\u0159sk\u00e9 \u0161koly.<\/span><br \/>\n<span style=\"font-family: arial, helvetica, sans-serif\">P\u0159eplatky za bezhotovostn\u00ed z\u00e1lohov\u00e9 platby se automaticky vy\u00fa\u010dtov\u00e1vaj\u00ed 2x za \u0161koln\u00ed rok (\u00fanor, \u010dervenec), ostatn\u00ed<\/span><br \/>\n<span style=\"font-family: arial, helvetica, sans-serif\">p\u0159eplatky jsou p\u0159evedeny do dal\u0161\u00edho \u0161koln\u00ed roku.<\/span><br \/>\n<span style=\"font-family: arial, helvetica, sans-serif\">P\u0159i ukon\u010den\u00ed doch\u00e1zky do mate\u0159sk\u00e9 \u0161koly je vy\u00fa\u010dtov\u00e1n\u00ed<\/span><br \/>\n<span style=\"font-family: arial, helvetica, sans-serif\">provedeno k posledn\u00edmu dni p\u0159\u00edtomnosti str\u00e1vn\u00edka.<\/span><br \/>\n<span style=\"font-family: arial, helvetica, sans-serif\">P\u0159i neuhrazen\u00ed stravn\u00e9ho a neakceptov\u00e1n\u00ed v\u00fdzvy<\/span><br \/>\n<span style=\"font-family: arial, helvetica, sans-serif\">k zaplacen\u00ed dlu\u017en\u00e9 \u010d\u00e1stky nebude d\u00edt\u011b n\u00e1sleduj\u00edc\u00ed m\u011bs\u00edc<\/span><br \/>\n<span style=\"font-family: arial, helvetica, sans-serif\">p\u0159ijato do mate\u0159sk\u00e9 \u0161koly.<\/span><\/p>\n<p><span style=\"font-family: arial, helvetica, sans-serif\">2.5. Finan\u010dn\u00ed normativy pro str\u00e1vn\u00edky od 1.9.2025:<\/span><\/p>\n<p><strong><span style=\"font-family: arial, helvetica, sans-serif\">str\u00e1vn\u00edk 2 &#8211; 3 let:<\/span><\/strong><\/p>\n<p><span style=\"font-family: arial, helvetica, sans-serif\">p\u0159esn\u00edd\u00e1vka: 13,- K\u010d\u00a0 \u00a0 \u00a0 \u00a0 \u00a0 \u00a0 \u00a0 \u00a0 \u00a0 \u00a0 \u00a0 \u00a0 \u00a0 \u00a0 \u00a0 \u00a0 \u00a0 \u00a0 \u00a0 \u00a0 \u00a0 \u00a0 \u00a0 \u00a0 \u00a0 \u00a0 \u00a0 \u00a0 \u00a0 \u00a0 \u00a0 \u00a0 \u00a0<\/span><\/p>\n<p><span style=\"font-family: arial, helvetica, sans-serif\">\u00a0o<\/span><span style=\"font-family: arial, helvetica, sans-serif\">b\u011bd: 29,- K\u010d<\/span><\/p>\n<p><span style=\"font-family: arial, helvetica, sans-serif\">sva\u010dina: 12,- K\u010d<\/span><br \/>\n<span style=\"font-family: arial, helvetica, sans-serif\">&#8212;&#8212;&#8212;&#8212;&#8212;&#8212;&#8212;&#8212;&#8212;&#8212;&#8212;&#8212;<\/span><br \/>\n<strong><span style=\"font-family: arial, helvetica, sans-serif\">celkem: 54,- K\u010d \/ 1 den<\/span><\/strong><\/p>\n<p>&nbsp;<\/p>\n<p><strong><span style=\"font-family: arial, helvetica, sans-serif\">str\u00e1vn\u00edk 4 &#8211; 6 let:<\/span><\/strong><\/p>\n<p><span style=\"font-family: arial, helvetica, sans-serif\">p\u0159esn\u00edd\u00e1vka: 13,- K\u010d\u00a0 <\/span><\/p>\n<p><span style=\"font-family: arial, helvetica, sans-serif\">o<\/span><span style=\"font-family: arial, helvetica, sans-serif\">b\u011bd: 29,- K\u010d<\/span><\/p>\n<p><span style=\"font-family: arial, helvetica, sans-serif\">sva\u010dina: 12,- K\u010d<\/span><br \/>\n<span style=\"font-family: arial, helvetica, sans-serif\">&#8212;&#8212;&#8212;&#8212;&#8212;&#8212;&#8212;&#8212;&#8212;&#8212;&#8212;&#8212;<\/span><br \/>\n<strong><span style=\"font-family: arial, helvetica, sans-serif\">celkem: 54,- K\u010d \/ 1 den<\/span><\/strong><\/p>\n<p>&nbsp;<\/p>\n<p><span style=\"font-family: arial, helvetica, sans-serif\"><strong>str\u00e1vn\u00edk 7 &#8211; 10 let:<\/strong> <\/span><\/p>\n<p><span style=\"font-family: arial, helvetica, sans-serif\">p\u0159esn\u00edd\u00e1vka: 13,- K\u010d<\/span><br \/>\n<span style=\"font-family: arial, helvetica, sans-serif\">ob\u011bd: 31,- K\u010d<\/span><br \/>\n<span style=\"font-family: arial, helvetica, sans-serif\">sva\u010dina: 12,- K\u010d<\/span><br \/>\n<span style=\"font-family: arial, helvetica, sans-serif\">&#8212;&#8212;&#8212;&#8212;&#8212;&#8212;&#8212;&#8212;&#8212;&#8212;&#8212;&#8212;<\/span><br \/>\n<strong><span style=\"font-family: arial, helvetica, sans-serif\">celkem: 56,- K\u010d \/ 1 den<\/span><\/strong><\/p>\n<p><span style=\"font-family: arial, helvetica, sans-serif\">Finan\u010dn\u00ed normativ pro str\u00e1vn\u00edky 7-10 let se t\u00fdk\u00e1 d\u011bt\u00ed, kter\u00e9<\/span><br \/>\n<span style=\"font-family: arial, helvetica, sans-serif\">dovr\u0161\u00ed 7 let v\u011bku od 1.9. &#8211; 31.8. dan\u00e9ho \u0161koln\u00edho roku,<\/span><br \/>\n<span style=\"font-family: arial, helvetica, sans-serif\">jedn\u00e1 se p\u0159edev\u0161\u00edm o d\u011bti s odkladem \u0161koln\u00ed doch\u00e1zky.<\/span><\/p>\n<p><span style=\"font-family: arial, helvetica, sans-serif\">3. Zam\u011bstnanci \u0161koln\u00ed j\u00eddelny<\/span><br \/>\n<span style=\"font-family: arial, helvetica, sans-serif\">Lenka Lavi\u010dkov\u00e1 \u2026&#8230;&#8230;&#8230;&#8230;&#8230;. vedouc\u00ed \u0161koln\u00ed j\u00eddelny<\/span><br \/>\n<span style=\"font-family: arial, helvetica, sans-serif\">Jana Severynov\u00e1\u2026&#8230;&#8230;&#8230;&#8230;.. hlavn\u00ed kucha\u0159ka<\/span><br \/>\n<span style=\"font-family: arial, helvetica, sans-serif\">Mariana Havry\u0161ko \u2026&#8230;&#8230;&#8230;&#8230;&#8230;.. kucha\u0159ka<\/span><\/p>\n<p><span style=\"font-family: arial, helvetica, sans-serif\">4. Konzulta\u010dn\u00ed a \u00fa\u0159edn\u00ed hodiny<\/span><br \/>\n<span style=\"font-family: arial, helvetica, sans-serif\">\u00fater\u00fd: 7- 9.00 hod.<\/span><br \/>\n<span style=\"font-family: arial, helvetica, sans-serif\">email do \u0161koln\u00ed j\u00eddelny:<\/span><br \/>\n<span style=\"font-family: arial, helvetica, sans-serif\">sj_trencinska@sporilovskams.cz<\/span><\/p>\n<p><span style=\"font-family: arial, helvetica, sans-serif\">5. Platnost a \u00fa\u010dinnost \u0159\u00e1du<\/span><br \/>\n<span style=\"font-family: arial, helvetica, sans-serif\">Platnost provozn\u00edho \u0159\u00e1du nen\u00ed \u010dasov\u011b omezena,<\/span><br \/>\n<span style=\"font-family: arial, helvetica, sans-serif\">\u0161kola si vyhrazuje pr\u00e1vo ho aktualizovat v p\u0159\u00edpad\u011b <\/span><br \/>\n<span style=\"font-family: arial, helvetica, sans-serif\">legislativn\u00edch nebo organiza\u010dn\u00edch zm\u011bn.<\/span><\/p>\n<p><span style=\"font-family: arial, helvetica, sans-serif\">Lenka Lavi\u010dkov\u00e1\u00a0 \u00a0 \u00a0 \u00a0 \u00a0 \u00a0 \u00a0 \u00a0Mgr. Michaela Hirschov\u00e1<\/span><br \/>\n<span style=\"font-family: arial, helvetica, sans-serif\">vedouc\u00ed \u0161koln\u00ed j\u00eddelny\u00a0 \u00a0 \u00a0 \u00a0\u0159editelka mate\u0159sk\u00e9 \u0161koly<\/span><\/p>\n","protected":false},"excerpt":{"rendered":"<p>Provozn\u00ed \u0159\u00e1d \u0161koln\u00ed j\u00eddelny Spo\u0159ilovsk\u00e1 mate\u0159sk\u00e1 \u0161kola Praha 4, Jihoz\u00e1padn\u00ed 4 Jihoz\u00e1padn\u00ed IV. 1760\/4 odlou\u010den\u00e9 pracovi\u0161t\u011b: Tren\u010d\u00ednsk\u00e1 2770\/7, Praha 4 I\u010c: 61 38 42 41 zpracovala: Lenka Lavi\u010dkov\u00e1 platnost od: 1.9.2025 aktualizace: 1.9.2025 Projedn\u00e1no s schv\u00e1leno na provozn\u00ed porad\u011b 27.8.2025 OBSAH: 1. V\u0161eobecn\u00e1 \u010d\u00e1st 2. Organizace provozu stravov\u00e1n\u00ed 2.1. V\u00fddej stravy a pitn\u00fd re\u017eim 2.2.&hellip;&nbsp;<a href=\"https:\/\/www.sporilovskams.cz\/trencinska\/provoz-sj\/\" class=\"\" rel=\"bookmark\">Read More &raquo;<span class=\"screen-reader-text\">Provoz \u0160J<\/span><\/a><\/p>\n","protected":false},"author":2,"featured_media":0,"parent":0,"menu_order":0,"comment_status":"closed","ping_status":"closed","template":"","meta":{"neve_meta_sidebar":"","neve_meta_container":"","neve_meta_enable_content_width":"off","neve_meta_content_width":100,"neve_meta_title_alignment":"","neve_meta_author_avatar":"","neve_post_elements_order":"","neve_meta_disable_header":"","neve_meta_disable_footer":"","neve_meta_disable_title":"","ngg_post_thumbnail":0,"footnotes":""},"class_list":["post-481","page","type-page","status-publish","hentry"],"_links":{"self":[{"href":"https:\/\/www.sporilovskams.cz\/trencinska\/wp-json\/wp\/v2\/pages\/481","targetHints":{"allow":["GET"]}}],"collection":[{"href":"https:\/\/www.sporilovskams.cz\/trencinska\/wp-json\/wp\/v2\/pages"}],"about":[{"href":"https:\/\/www.sporilovskams.cz\/trencinska\/wp-json\/wp\/v2\/types\/page"}],"author":[{"embeddable":true,"href":"https:\/\/www.sporilovskams.cz\/trencinska\/wp-json\/wp\/v2\/users\/2"}],"replies":[{"embeddable":true,"href":"https:\/\/www.sporilovskams.cz\/trencinska\/wp-json\/wp\/v2\/comments?post=481"}],"version-history":[{"count":32,"href":"https:\/\/www.sporilovskams.cz\/trencinska\/wp-json\/wp\/v2\/pages\/481\/revisions"}],"predecessor-version":[{"id":2631,"href":"https:\/\/www.sporilovskams.cz\/trencinska\/wp-json\/wp\/v2\/pages\/481\/revisions\/2631"}],"wp:attachment":[{"href":"https:\/\/www.sporilovskams.cz\/trencinska\/wp-json\/wp\/v2\/media?parent=481"}],"curies":[{"name":"wp","href":"https:\/\/api.w.org\/{rel}","templated":true}]}}