{"id":31,"date":"2015-08-20T23:01:53","date_gmt":"2015-08-20T22:01:53","guid":{"rendered":"http:\/\/www.sporilovskams.cz\/trencinska\/?page_id=31"},"modified":"2026-02-12T15:17:12","modified_gmt":"2026-02-12T14:17:12","slug":"aktuality","status":"publish","type":"page","link":"https:\/\/www.sporilovskams.cz\/trencinska\/aktuality\/","title":{"rendered":"Aktuality"},"content":{"rendered":"<p style=\"text-align: center\">\u00a0<\/p>\r\n<p><span style=\"color: #ff0000\"><strong>KAPACITA \u0160KOLY PRO PR\u00c1ZDNINOV\u00dd PROVOZ JE JI\u017d NAPLN\u011aNA!<\/strong><\/span><\/p>\r\n<hr \/>\r\n<p style=\"text-align: left\"><span style=\"font-family: arial, helvetica, sans-serif\">Rada m\u011bstsk\u00e9 \u010d\u00e1sti Praha 4 schv\u00e1lila po dohod\u011b s \u0159editelkami mate\u0159sk\u00fdch \u0161kol z\u0159izovan\u00fdch M\u010c Praha 4 zaji\u0161t\u011bn\u00ed provozu M\u0160\u00a0 v obdob\u00ed \u010dervenec a srpen 2026 takto:<\/span><\/p>\r\n<p><span style=\"font-family: 'arial black', sans-serif;color: #003300\">Pr\u00e1zdninov\u00fd provoz Spo\u0159ilovsk\u00e9 M\u0160 je stanoven na term\u00edn\u00a0 10.8. \u2013 21.8. 2026.\u00a0<\/span><\/p>\r\n<p><span style=\"font-family: arial, helvetica, sans-serif\"><span style=\"text-decoration: underline\"><span style=\"color: #800000;text-decoration: underline\">Kmenov\u00e9 d\u011bti Spo\u0159ilovsk\u00e9 M\u0160<\/span><\/span> mohou na pr\u00e1zdninov\u00fd provoz\u00a0 z\u00e1vazn\u011b p\u0159ihl\u00e1sit jejich z\u00e1konn\u00ed z\u00e1stupci zaps\u00e1n\u00edm do formul\u00e1\u0159e v jednotliv\u00fdch\u00a0 t\u0159\u00edd\u00e1ch \u2013 a to do 31.1.2026.\u00a0 \u00a0P\u0159ihl\u00e1\u0161ka je z\u00e1vazn\u00e1 \u2013 s povinnost\u00ed platby \u0161koln\u00e9ho a stravn\u00e9ho do konce ledna 2026.\u00a0\u00a0<\/span><\/p>\r\n<p>&nbsp;<\/p>\r\n<p><span style=\"font-family: 'arial black', sans-serif;font-size: 10pt;color: #000080\">9. \u2013 13. 2. 2026 bude spu\u0161t\u011bn online z\u00e1pis na \u010dervencov\u00e9 a srpnov\u00e9 term\u00edny pr\u00e1zdninov\u00e9ho provozu pro d\u011bti mimo sv\u00e9 kmenov\u00e9 M\u0160.\u00a0\u00a0<\/span><\/p>\r\n<p><span style=\"text-decoration: underline;font-family: arial, helvetica, sans-serif\"><span style=\"color: #800000\"><strong>Postup pro rodi\u010de d\u011bt\u00ed mimo sv\u00e9 kmenov\u00e9 M\u0160<\/strong><\/span><\/span><\/p>\r\n<ol>\r\n<li>St\u00e1hn\u011bte si p\u0159ihl\u00e1\u0161ku do pr\u00e1zdninov\u00e9ho provozu ve V\u00e1mi zvolen\u00e9m term\u00ednu a vypl\u0148te ji (pokud nem\u00e1te p\u0159\u00edstup k\u00a0internetu, p\u0159ihl\u00e1\u0161ku V\u00e1m na po\u017e\u00e1d\u00e1n\u00ed vydaj\u00ed ve Va\u0161\u00ed kmenov\u00e9 \u0161kole). Nezapome\u0148te za\u0161krtnout zvolenou mate\u0159skou \u0161kolu (M\u0160) a jednotliv\u00e9 dny, na kter\u00e9 d\u00edt\u011b p\u0159ihla\u0161ujete.<\/li>\r\n<li>P\u0159ihl\u00e1\u0161ku doru\u010dte do V\u00e1mi zvolen\u00e9 M\u0160 ve dnech <strong>9<\/strong><strong>. \u2013 13. 2. 2026<\/strong> (osobn\u011b, e-mailem : msjihozapadni@seznam.cz nebo datovou schr\u00e1nkou \u0161koly). P\u0159ihl\u00e1\u0161ka je evidov\u00e1na dle data a \u010dasu doru\u010den\u00ed.<\/li>\r\n<li>M\u0160, kter\u00e1 obdr\u017e\u00ed Va\u0161i p\u0159ihl\u00e1\u0161ku, V\u00e1m sd\u011bl\u00ed\/po\u0161le potvrzuj\u00edc\u00ed zpr\u00e1vu o registraci d\u00edt\u011bte do letn\u00edho provozu. Z\u00e1rove\u0148 obdr\u017e\u00edte informace o platb\u00e1ch a p\u0159id\u011blen\u00e9m VS.<\/li>\r\n<li>V\u00a0p\u0159\u00edpad\u011b napln\u011bn\u00ed kapacity konkr\u00e9tn\u00ed M\u0160 budete o t\u00e9to skute\u010dnosti vyrozum\u011bni.<\/li>\r\n<li>Term\u00edn pro zaplacen\u00ed \u0161koln\u00e9ho a stravn\u00e9ho, tj term\u00edn p\u0159ips\u00e1n\u00ed platby na \u00fa\u010det \u0161koly, je <strong>do 25. 2. 2026 v\u010detn\u011b. Zaplacen\u00e9 \u0161koln\u00e9 ve v\u00fd\u0161i 750 K\u010d je nevratn\u00e9! <\/strong><\/li>\r\n<li>D\u00edt\u011b, kter\u00e9 <strong>nebude<\/strong> m\u00edt do dan\u00e9ho term\u00ednu zaplaceno, bude z\u00a0letn\u00edho provozu vy\u0159azeno.<\/li>\r\n<li>V\u00a0p\u0159\u00edpad\u011b nejasnost\u00ed se obra\u0165te na \u0159editelku p\u0159\u00edslu\u0161n\u00e9 \u0161koly.<\/li>\r\n<\/ol>\r\n<p style=\"text-align: center\"><a href=\"http:\/\/www.sporilovskams.cz\/trencinska\/wp-content\/uploads\/sites\/3\/2026\/01\/Seznam-MS-letni-provoz-hypertextovy.pdf\">Seznam M\u0160 &#8211; letn\u00ed provoz &#8211; hypertextov\u00fd<\/a><\/p>\r\n<p style=\"text-align: center\"><a href=\"http:\/\/www.sporilovskams.cz\/trencinska\/wp-content\/uploads\/sites\/3\/2026\/01\/1.-Prihlaska-na-obdobi-1.-7.-12.-7.-2026-1.docx\">1. P\u0159ihl\u00e1\u0161ka na obdob\u00ed 1. 7. &#8211; 12. 7. 2026 (1)<\/a><\/p>\r\n<p style=\"text-align: center\"><a href=\"http:\/\/www.sporilovskams.cz\/trencinska\/wp-content\/uploads\/sites\/3\/2026\/01\/2.-Prihlaska-na-obdobi-13.-7.-26.-7.-2026.docx\">2. P\u0159ihl\u00e1\u0161ka na obdob\u00ed 13. 7. &#8211; 26. 7. 2026<\/a><\/p>\r\n<p style=\"text-align: center\"><a href=\"http:\/\/www.sporilovskams.cz\/trencinska\/wp-content\/uploads\/sites\/3\/2026\/01\/3.-Prihlaska-na-obdobi-27.-7.-9.-8.-2026.docx\">3. P\u0159ihl\u00e1\u0161ka na obdob\u00ed 27. 7. &#8211; 9. 8. 2026<\/a><\/p>\r\n<p style=\"text-align: center\"><a href=\"http:\/\/www.sporilovskams.cz\/trencinska\/wp-content\/uploads\/sites\/3\/2026\/01\/4.-Prihlaska-na-obdobi-10.-8.-23.-8.-2026.docx\">4. P\u0159ihl\u00e1\u0161ka na obdob\u00ed 10. 8. &#8211; 23. 8. 2026<\/a><\/p>\r\n<hr \/>\r\n<p>&nbsp;<\/p>\r\n<p><span style=\"color: #003300\"><strong>Provoz M\u0160\u00a0 v dob\u011b \u0161koln\u00edch pr\u00e1zdnin:<\/strong><\/span><\/p>\r\n<p style=\"text-align: justify\"><strong>Podzimn\u00ed pr\u00e1zdniny<\/strong>\u00a0<\/p>\r\n<p style=\"text-align: justify\"><span style=\"font-size: 10pt\">27.\u0159\u00edjna podzimn\u00ed pr\u00e1zdniny v Z\u0160 (provoz Spo\u0159ilovsk\u00e9 M\u0160 omezen &#8211; nahlaste doch\u00e1zku do M\u0160)<\/span><\/p>\r\n<p style=\"text-align: justify\"><span style=\"font-size: 10pt\">28.\u0159\u00edjna \u2013 zav\u0159eno \u2013 st\u00e1tn\u00ed sv\u00e1tek<\/span><\/p>\r\n<p style=\"text-align: justify\"><span style=\"font-size: 10pt\">29. \u0159\u00edjna podzimn\u00ed pr\u00e1zdniny v Z\u0160 (provoz Spo\u0159ilovsk\u00e9 M\u0160 omezen &#8211; nahlaste doch\u00e1zku do M\u0160)<\/span><\/p>\r\n<p style=\"text-align: justify\"><span style=\"font-size: 10pt\">30.-31. \u0159\u00edjna \u0159editelsk\u00e9 volno v Z\u0160 Ji\u017en\u00ed (provoz Spo\u0159ilovsk\u00e9 M\u0160 omezen &#8211; nahlaste doch\u00e1zku do M\u0160)<\/span><\/p>\r\n<p style=\"text-align: justify\">\u00a0<\/p>\r\n<p style=\"text-align: justify\"><strong>V\u00e1no\u010dn\u00ed pr\u00e1zdniny<\/strong>\u00a0 \u00a0<\/p>\r\n<p style=\"text-align: justify\"><span style=\"font-size: 10pt\">22. prosince 2025 \u2013 2. ledna 2026\u00a0 \u2013 p\u0159eru\u0161en\u00ed provozu\u00a0 z organiza\u010dn\u00edch d\u016fvod\u016f v souladu s ustanoven\u00edm \u00a7 3 odst.2 vyhl\u00e1\u0161ky 14\/2005 Sb. o p\u0159ed\u0161koln\u00edm vzd\u011bl\u00e1v\u00e1n\u00ed ve zn\u011bn\u00ed pozd\u011bj\u0161\u00edch p\u0159edpis\u016f.<\/span><\/p>\r\n<p style=\"text-align: justify\"><span style=\"font-size: 10pt\">P\u0159eru\u0161en\u00fd provoz je ve v\u0161ech mate\u0159sk\u00fdch \u0161kol\u00e1ch v\u00a0 Praze 4.<\/span><\/p>\r\n<div style=\"text-align: center\">\r\n<p style=\"text-align: justify\"><span style=\"font-family: arial, helvetica, sans-serif\"><strong>Pololetn\u00ed pr\u00e1zdniny<\/strong><\/span><\/p>\r\n<p style=\"text-align: left\"><span style=\"font-family: arial, helvetica, sans-serif;font-size: 10pt\">30 1 2026\u00a0 \u00a0volno v Z\u0160 Ji\u017en\u00ed (provoz Spo\u0159ilovsk\u00e9 M\u0160 omezen &#8211; nahlaste doch\u00e1zku do M\u0160)<\/span><\/p>\r\n<\/div>\r\n<p><span style=\"font-family: arial, helvetica, sans-serif\"><strong>Jarn\u00ed pr\u00e1zdniny<\/strong><\/span><\/p>\r\n<p><span style=\"font-family: arial, helvetica, sans-serif;font-size: 10pt\">16.2. &#8211; 20.2.2026\u00a0 \u00a0volno v Z\u0160 Ji\u017en\u00ed (provoz Spo\u0159ilovsk\u00e9 M\u0160 omezen &#8211; nahlaste doch\u00e1zku do M\u0160)<\/span><\/p>\r\n<p>&nbsp;<\/p>\r\n<hr \/><hr \/>\r\n<p>&nbsp;<\/p>\r\n<p>&nbsp;<\/p>\r\n<hr \/>\r\n<p style=\"text-align: center\">\u00a0<\/p>\r\n<p>&nbsp;<\/p>\r\n<p>&nbsp;<\/p>\r\n<p>&nbsp;<\/p>\r\n<p style=\"text-align: center\"><span style=\"color: #800000;font-family: arial,helvetica,sans-serif\"><strong>informace na tel.\u010d\u00edsle : 272 761 116, 739 168 899<\/strong><\/span><br \/><span style=\"color: #800000;font-family: arial,helvetica,sans-serif\"><strong>Mgr. Michaela Hirschov\u00e1, \u0159editelka \u0161koly: 604 879 418<\/strong><\/span><\/p>\r\n<p style=\"text-align: center\"><span style=\"color: #800000;font-family: arial,helvetica,sans-serif\">Hana Fr\u00fchaufov\u00e1, z\u00e1stupce \u0159editelky: <strong><span style=\"color: #800000\">777 287 530<\/span><\/strong><\/span><\/p>\r\n<hr \/>\r\n<p>&nbsp;<\/p>\r\n<p style=\"text-align: center\">\u00a0<\/p>\r\n<p style=\"text-align: center\">\u00a0<\/p>\r\n<hr \/>\r\n<p><span style=\"font-family: arial,helvetica,sans-serif\"><\/span><\/p>\r\n<p style=\"text-align: center\"><img loading=\"lazy\" decoding=\"async\" class=\"alignnone  wp-image-2317\" src=\"http:\/\/www.sporilovskams.cz\/trencinska\/wp-content\/uploads\/sites\/3\/2024\/06\/odpustene-skolne-rodice-na-web.jpg\" alt=\"\" width=\"336\" height=\"261\" srcset=\"https:\/\/www.sporilovskams.cz\/trencinska\/wp-content\/uploads\/sites\/3\/2024\/06\/odpustene-skolne-rodice-na-web.jpg 869w, https:\/\/www.sporilovskams.cz\/trencinska\/wp-content\/uploads\/sites\/3\/2024\/06\/odpustene-skolne-rodice-na-web-171x133.jpg 171w, https:\/\/www.sporilovskams.cz\/trencinska\/wp-content\/uploads\/sites\/3\/2024\/06\/odpustene-skolne-rodice-na-web-129x100.jpg 129w, https:\/\/www.sporilovskams.cz\/trencinska\/wp-content\/uploads\/sites\/3\/2024\/06\/odpustene-skolne-rodice-na-web-768x597.jpg 768w\" sizes=\"auto, (max-width: 336px) 100vw, 336px\" \/><\/p>\r\n<p style=\"text-align: center\"><span style=\"color: #800000\"><span style=\"font-family: arial, helvetica, sans-serif;font-size: 8pt\">Pro osvobozen\u00ed od platby \u0161koln\u00e9ho je nutn\u00e9\u00a0 dolo\u017een\u00ed aktu\u00e1ln\u00edho p\u0159\u00edsp\u011bvku &#8211; potvrzen\u00ed \u00da\u0159adu pr\u00e1ce<\/span><\/span><\/p>\r\n<p style=\"text-align: center\"><span style=\"color: #800000;font-family: arial, helvetica, sans-serif;font-size: 8pt\"> nejpozd\u011bji do 5. z\u00e1\u0159\u00ed 2024\u00a0 &#8211; p\u0159\u00edmo \u0159editelce mate\u0159sk\u00e9 \u0161koly<\/span><\/p>\r\n<p><span style=\"font-family: arial, helvetica, sans-serif\"><\/span><\/p>","protected":false},"excerpt":{"rendered":"<p>\u00a0 KAPACITA \u0160KOLY PRO PR\u00c1ZDNINOV\u00dd PROVOZ JE JI\u017d NAPLN\u011aNA! Rada m\u011bstsk\u00e9 \u010d\u00e1sti Praha 4 schv\u00e1lila po dohod\u011b s \u0159editelkami mate\u0159sk\u00fdch \u0161kol z\u0159izovan\u00fdch M\u010c Praha 4 zaji\u0161t\u011bn\u00ed provozu M\u0160\u00a0 v obdob\u00ed \u010dervenec a srpen 2026 takto: Pr\u00e1zdninov\u00fd provoz Spo\u0159ilovsk\u00e9 M\u0160 je stanoven na term\u00edn\u00a0 10.8. \u2013 21.8. 2026.\u00a0 Kmenov\u00e9 d\u011bti Spo\u0159ilovsk\u00e9 M\u0160 mohou na pr\u00e1zdninov\u00fd provoz\u00a0&hellip;&nbsp;<a href=\"https:\/\/www.sporilovskams.cz\/trencinska\/aktuality\/\" class=\"\" rel=\"bookmark\">Read More &raquo;<span class=\"screen-reader-text\">Aktuality<\/span><\/a><\/p>\n","protected":false},"author":1,"featured_media":0,"parent":0,"menu_order":0,"comment_status":"closed","ping_status":"closed","template":"","meta":{"neve_meta_sidebar":"","neve_meta_container":"","neve_meta_enable_content_width":"off","neve_meta_content_width":100,"neve_meta_title_alignment":"","neve_meta_author_avatar":"","neve_post_elements_order":"","neve_meta_disable_header":"","neve_meta_disable_footer":"","neve_meta_disable_title":"","ngg_post_thumbnail":0,"footnotes":""},"class_list":["post-31","page","type-page","status-publish","hentry"],"_links":{"self":[{"href":"https:\/\/www.sporilovskams.cz\/trencinska\/wp-json\/wp\/v2\/pages\/31","targetHints":{"allow":["GET"]}}],"collection":[{"href":"https:\/\/www.sporilovskams.cz\/trencinska\/wp-json\/wp\/v2\/pages"}],"about":[{"href":"https:\/\/www.sporilovskams.cz\/trencinska\/wp-json\/wp\/v2\/types\/page"}],"author":[{"embeddable":true,"href":"https:\/\/www.sporilovskams.cz\/trencinska\/wp-json\/wp\/v2\/users\/1"}],"replies":[{"embeddable":true,"href":"https:\/\/www.sporilovskams.cz\/trencinska\/wp-json\/wp\/v2\/comments?post=31"}],"version-history":[{"count":300,"href":"https:\/\/www.sporilovskams.cz\/trencinska\/wp-json\/wp\/v2\/pages\/31\/revisions"}],"predecessor-version":[{"id":2741,"href":"https:\/\/www.sporilovskams.cz\/trencinska\/wp-json\/wp\/v2\/pages\/31\/revisions\/2741"}],"wp:attachment":[{"href":"https:\/\/www.sporilovskams.cz\/trencinska\/wp-json\/wp\/v2\/media?parent=31"}],"curies":[{"name":"wp","href":"https:\/\/api.w.org\/{rel}","templated":true}]}}