{"id":18,"date":"2015-08-20T22:34:41","date_gmt":"2015-08-20T21:34:41","guid":{"rendered":"http:\/\/www.sporilovskams.cz\/trencinska\/?page_id=18"},"modified":"2025-09-16T08:58:32","modified_gmt":"2025-09-16T07:58:32","slug":"platby","status":"publish","type":"page","link":"https:\/\/www.sporilovskams.cz\/trencinska\/platby\/","title":{"rendered":"Platby"},"content":{"rendered":"<p style=\"text-align: center\"><span style=\"font-family: 'arial black', sans-serif\">M\u011bstsk\u00e1 \u010d\u00e1st Praha 4<\/span><\/p>\n<p style=\"text-align: center\"><span style=\"font-family: 'arial black', sans-serif;color: #800000\">RADA M\u011aSTSK\u00c9 \u010c\u00c1STI PRAHA 4<\/span><\/p>\n<p style=\"text-align: center\"><span style=\"font-family: 'arial black', sans-serif;color: #800000\">STANOVUJE:<\/span><\/p>\n<p style=\"text-align: center\"><span style=\"font-family: 'arial black', sans-serif\">V\u00fd\u0161i m\u011bs\u00ed\u010dn\u00ed\u00a0<span style=\"background-color: #ffff00\">\u00faplaty za p\u0159ed\u0161koln\u00ed vzd\u011bl\u00e1v\u00e1n\u00ed<\/span>\u00a0na <span style=\"background-color: #ffff00\">obdob\u00ed \u0161koln\u00edho roku 2025\/2026<\/span><\/span><\/p>\n<p style=\"text-align: center\"><span style=\"font-family: 'arial black', sans-serif\">ve v\u0161ech mate\u0159sk\u00fdch \u0161kol\u00e1ch z\u0159izovan\u00fdch M\u010c Praha 4 <span style=\"background-color: #ffff00\">ve v\u00fd\u0161i\u00a0\u00a01 500 K\u010d<\/span>\u00a0<\/span><\/p>\n<hr \/>\n<p style=\"text-align: center\"><span style=\"color: #000000;font-family: arial black,sans-serif\"><strong>P\u0159ed\u0161koln\u00ed d\u011bti \/kter\u00e9 dovr\u0161\u00ed v dan\u00e9m \u0161koln\u00edm roce 6 let\/ <\/strong><\/span><\/p>\n<p style=\"text-align: center\"><span style=\"color: #000000;font-family: arial black,sans-serif\"><strong>jsou od \u00faplaty osvobozeny <\/strong><\/span><span style=\"color: #000000;font-family: arial black,sans-serif\"><strong>a t\u00e9\u017e d\u011bti z odkladem \u0161koln\u00ed doch\u00e1zky.<\/strong><\/span><\/p>\n<p style=\"text-align: center\"><span style=\"color: #000000;font-family: arial black, sans-serif\"><strong>Platbu <span style=\"color: #800000\">\u0161koln\u00e9ho<\/span> je nutno prov\u00e9st v\u017edy do 15.dne v m\u011bs\u00edci na \u00fa\u010det \u010d. 6023 \u2013 68732339\/0800 <\/strong><\/span><\/p>\n<p style=\"text-align: center\"><span style=\"color: #000000;font-family: arial black, sans-serif\"><strong>var. symbol nov\u00fdm d\u011btem stanov\u00ed p\u00ed. hospod\u00e1\u0159ka a je platn\u00fd po celou dobu doch\u00e1zky do m\u0161\u00a0 \u00a0 \u00a0 \u00a0 \u00a0 \u00a0 \u00a0 \u00a0 \u00a0 \u00a0 \u00a0<\/strong><\/span><\/p>\n<p style=\"text-align: center\"><span style=\"color: #000000;font-family: arial black, sans-serif\"><strong> \u00a0<\/strong><\/span><span style=\"color: #000000;font-family: arial black, sans-serif\"><strong>Stravn\u00e9 pla\u0165te na \u00fa\u010det \u010d. <span style=\"font-family: Arial Black\">68732339\/0800 v.s. stejn\u00e9 jako<\/span><\/strong><\/span><span style=\"color: #000000;font-family: arial black, sans-serif\"><strong><span style=\"font-family: Arial Black\"> u \u0161koln\u00e9ho<\/span><\/strong><\/span><\/p>\n<hr \/>\n<div style=\"text-align: center\"><img loading=\"lazy\" decoding=\"async\" class=\"alignnone wp-image-2317\" src=\"http:\/\/www.sporilovskams.cz\/trencinska\/wp-content\/uploads\/sites\/3\/2024\/06\/odpustene-skolne-rodice-na-web.jpg\" alt=\"\" width=\"395\" height=\"307\" srcset=\"https:\/\/www.sporilovskams.cz\/trencinska\/wp-content\/uploads\/sites\/3\/2024\/06\/odpustene-skolne-rodice-na-web.jpg 869w, https:\/\/www.sporilovskams.cz\/trencinska\/wp-content\/uploads\/sites\/3\/2024\/06\/odpustene-skolne-rodice-na-web-171x133.jpg 171w, https:\/\/www.sporilovskams.cz\/trencinska\/wp-content\/uploads\/sites\/3\/2024\/06\/odpustene-skolne-rodice-na-web-129x100.jpg 129w, https:\/\/www.sporilovskams.cz\/trencinska\/wp-content\/uploads\/sites\/3\/2024\/06\/odpustene-skolne-rodice-na-web-768x597.jpg 768w\" sizes=\"auto, (max-width: 395px) 100vw, 395px\" \/><\/div>\n<div style=\"text-align: center\"><span style=\"font-family: arial, helvetica, sans-serif;font-size: 10pt\">Pro osvobozen\u00ed od platby \u0161koln\u00e9ho je nutn\u00e9 dolo\u017een\u00ed aktu\u00e1ln\u00edho p\u0159\u00edsp\u011bvku &#8211; potvrzen\u00ed \u00da\u0159adu pr\u00e1ce<\/span><\/div>\n<div style=\"text-align: center\"><span style=\"font-family: arial, helvetica, sans-serif;font-size: 10pt\">nejpozd\u011bji do 5. z\u00e1\u0159\u00ed 2024 &#8211; p\u0159\u00edmo \u0159editelce mate\u0159sk\u00e9 \u0161koly<\/span><\/div>\n<div>\n<hr \/>\n<\/div>\n<div><span style=\"font-family: 'arial black', sans-serif\"><span style=\"color: #800000\">Fond kultury<\/span> 1000,- K\u010d &#8211; platit hotov\u011b u p. hospod\u00e1\u0159ky &#8211; \u00fater\u00fd a p\u00e1tek<\/span><\/div>\n<div>\n<hr \/>\n<\/div>\n<p><span style=\"color: #800000\"><span style=\"font-family: 'arial black', sans-serif\"><strong>Stravn\u00e9 pla\u0165te na \u00fa\u010det \u010d. <span style=\"font-family: Arial Black\">68732339\/0800 v.s. stejn\u00fd jako<\/span><\/strong><\/span><span style=\"font-family: 'arial black', sans-serif\"><strong><span style=\"font-family: Arial Black\"> u \u0161koln\u00e9ho<\/span><\/strong><\/span><\/span><\/p>\n<p><span style=\"font-family: 'arial black', sans-serif\">V souladu s finan\u010dn\u00edmi limity na n\u00e1kup potravin ve vyhl\u00e1\u0161ce \u010d. 310\/2025 Sb., kterou se m\u011bn\u00ed vyhl\u00e1\u0161ka \u010d. 107\/2005Sb.<b> 1.9.2025<\/b>\u00a0m\u011bn\u00edme ceny stravn\u00e9ho takto:<\/span><\/p>\n<div><span style=\"font-family: 'arial black', sans-serif\">celodenn\u00ed stravov\u00e1n\u00ed d\u011bt\u00ed 2-3 let:\u00a0 \u00a0 \u00a0 \u00a0 \u00a0 \u00a0 \u00a0 \u00a0polodenn\u00ed stravov\u00e1n\u00ed \/ kdy\u017e jde d\u00edt\u011b po ob\u011bd\u011b dom\u016f\/<\/span><\/div>\n<div><span style=\"font-family: 'arial black', sans-serif\">p\u0159esn\u00edd\u00e1vka :\u00a0 13,- K\u010d\u00a0 \u00a0 \u00a0 \u00a0 \u00a0 \u00a0 \u00a0 \u00a0 \u00a0 \u00a0 \u00a0 \u00a0 \u00a0 \u00a0 \u00a0 \u00a0 \u00a013,-K\u010d<\/span><\/div>\n<div><span style=\"font-family: 'arial black', sans-serif\">ob\u011bd\u00a0 :\u00a0 \u00a0 \u00a0 \u00a0 \u00a0 \u00a0 \u00a029,- K\u010d\u00a0 \u00a0 \u00a0 \u00a0 \u00a0 \u00a0 \u00a0 \u00a0 \u00a0 \u00a0 \u00a0 \u00a0 \u00a0 \u00a0 \u00a0 \u00a0 \u00a029,- K\u010d<\/span><\/div>\n<div><span style=\"font-family: 'arial black', sans-serif\">sva\u010dina :\u00a0 \u00a0 \u00a0 \u00a0 \u00a012,- K\u010d<\/span><\/div>\n<div><span style=\"font-family: 'arial black', sans-serif\">&#8212;&#8212;&#8212;&#8212;&#8212;&#8212;&#8212;&#8212;&#8212;&#8212;&#8212;&#8212;&#8212;&#8212;&#8212;&#8212;&#8212;&#8212;&#8212;&#8212;&#8212;&#8212;&#8212;&#8212;&#8212;&#8212;&#8212;&#8212;&#8212;&#8212;<\/span><\/div>\n<div><span style=\"font-family: 'arial black', sans-serif\">celkem :\u00a0 \u00a0 \u00a0 \u00a0 \u00a0<b>54,- K\u010d\/ den\u00a0 \u00a0 \u00a0 \u00a0 \u00a0 \u00a0 \u00a0 \u00a0 \u00a0 \u00a0 \u00a0 \u00a0 \u00a042,- K\u010d\/den<\/b><\/span><\/div>\n<div><\/div>\n<div><span style=\"font-family: 'arial black', sans-serif\">celodenn\u00ed stravov\u00e1n\u00ed d\u011bt\u00ed 4-6 let:<\/span><\/div>\n<div><span style=\"font-family: 'arial black', sans-serif\">p\u0159esn\u00edd\u00e1vka:\u00a0 \u00a013,- K\u010d\u00a0 \u00a0 \u00a0 \u00a0 \u00a0 \u00a0 \u00a0 \u00a0 \u00a0 \u00a0 \u00a0 \u00a0 \u00a0 \u00a0 \u00a0 13,- K\u010d<\/span><\/div>\n<div><span style=\"font-family: 'arial black', sans-serif\">ob\u011bd:\u00a0 \u00a0 \u00a0 \u00a0 \u00a0 \u00a0 \u00a0 \u00a029,- K\u010d\u00a0 \u00a0 \u00a0 \u00a0 \u00a0 \u00a0 \u00a0 \u00a0 \u00a0 \u00a0 \u00a0 \u00a0 \u00a0 \u00a0 \u00a0 29,- K\u010d<\/span><\/div>\n<div><span style=\"font-family: 'arial black', sans-serif\">sva\u010dina:\u00a0 \u00a0 \u00a0 \u00a0 \u00a0 12,- K\u010d<\/span><\/div>\n<div><span style=\"font-family: 'arial black', sans-serif\">&#8212;&#8212;&#8212;&#8212;&#8212;&#8212;&#8212;&#8212;&#8212;&#8212;&#8212;&#8212;&#8212;&#8212;&#8212;&#8212;&#8212;&#8212;&#8212;&#8212;&#8212;&#8212;&#8212;&#8212;&#8212;&#8212;&#8212;&#8212;&#8212;&#8212;\u00a0 \u00a0 \u00a0\u00a0<\/span><\/div>\n<div><span style=\"font-family: 'arial black', sans-serif\">celkem:\u00a0 \u00a0 \u00a0 \u00a0 \u00a0 54,- K\u010d\/den\u00a0 \u00a0 \u00a0 \u00a0 \u00a0 \u00a0 \u00a0 \u00a0 \u00a0 \u00a0 \u00a0 \u00a0 42,- K\u010d\/den<\/span><\/div>\n<div><\/div>\n<div><span style=\"font-family: 'arial black', sans-serif\"><b><span style=\"color: #000000;font-family: arial black, sans-serif\"><strong>pro d\u011bti s odkladem \u0161koln\u00ed doch\u00e1zky :<\/strong><\/span><\/b><\/span><\/div>\n<div>\n<div><span style=\"font-family: 'arial black', sans-serif\">p\u0159esn\u00edd\u00e1vka : 13,- K\u010d\u00a0 \u00a0 \u00a0 \u00a0 \u00a0 \u00a0 \u00a0 \u00a0 \u00a0 \u00a0 \u00a0 \u00a0 \u00a0 \u00a0 \u00a0 13,-K\u010d<\/span><\/div>\n<div><span style=\"font-family: 'arial black', sans-serif\">ob\u011bd\u00a0 :\u00a0 \u00a0 \u00a0 \u00a0 \u00a0 \u00a0 \u00a031,- K\u010d\u00a0 \u00a0 \u00a0 \u00a0 \u00a0 \u00a0 \u00a0 \u00a0 \u00a0 \u00a0 \u00a0 \u00a0 \u00a0 \u00a0 \u00a031,- K\u010d<\/span><\/div>\n<div><span style=\"font-family: 'arial black', sans-serif\">sva\u010dina :\u00a0 \u00a0 \u00a0 \u00a0 \u00a0 12,- K\u010d<\/span><\/div>\n<div><span style=\"font-family: 'arial black', sans-serif\">&#8212;&#8212;&#8212;&#8212;&#8212;&#8212;&#8212;&#8212;&#8212;&#8212;&#8212;&#8212;&#8212;&#8212;&#8212;&#8212;&#8212;&#8212;&#8212;&#8212;&#8212;&#8212;&#8212;&#8212;&#8212;&#8212;&#8212;&#8212;&#8212;&#8212;<\/span><\/div>\n<div><span style=\"font-family: 'arial black', sans-serif\">celkem :\u00a0 \u00a0 \u00a0 \u00a0 \u00a0 \u00a0<b>56,- K\u010d\/ den\u00a0 \u00a0 \u00a0 \u00a0 \u00a0 \u00a0 \u00a0 \u00a0 \u00a0 \u00a044,- K\u010d\/den<\/b><\/span><\/div>\n<div><\/div>\n<\/div>\n<div><span style=\"font-family: 'arial black', sans-serif\">V cen\u011b stravn\u00e9ho je zahrnut i pitn\u00fd re\u017eim.<\/span><\/div>\n<div><span style=\"font-family: 'arial black', sans-serif\"><b>\u00a0Trval\u00fd p\u0159\u00edkaz na m\u011bs\u00ed\u010dn\u00ed z\u00e1lohovou platbu stravn\u00e9ho je 1080,-K\u010d<\/b><\/span><\/div>\n<div><\/div>\n<div><span style=\"font-family: 'arial black', sans-serif\">D\u016fsledn\u011b d\u011bti omlouvejte do 8 hod., jinak jim bude po\u010d\u00edt\u00e1no polodenn\u00ed stravn\u00e9!<\/span><\/div>\n<div><span style=\"font-family: 'arial black', sans-serif\">\u00a0 \u00a0 \u00a0 \u00a0 \u00a0 \u00a0 \u00a0 \u00a0 \u00a0 \u00a0 \u00a0 vedouc\u00ed \u0161koln\u00ed j\u00eddelny Lenka Lavi\u010dkov\u00e1<\/span><\/div>\n<p><span style=\"font-family: 'arial black', sans-serif\"><strong><span style=\"font-size: 14pt\">Vy\u00fa\u010dtov\u00e1n\u00ed stravn\u00e9ho se prov\u00e1d\u00ed\u00a0 2x ro\u010dn\u011b (v\u017edy v \u00fanoru a \u010dervenci jsou p\u0159eplatky p\u0159evedeny zp\u011bt na bankovn\u00ed \u00fa\u010dty).<\/span><\/strong><\/span><\/p>\n<p><span style=\"font-family: arial, helvetica, sans-serif\"><strong><span style=\"font-size: 14pt\"><span style=\"font-family: arial, helvetica, sans-serif\">\u00a0 \u00a0 \u00a0<\/span><\/span><\/strong><\/span><\/p>\n","protected":false},"excerpt":{"rendered":"<p>M\u011bstsk\u00e1 \u010d\u00e1st Praha 4 RADA M\u011aSTSK\u00c9 \u010c\u00c1STI PRAHA 4 STANOVUJE: V\u00fd\u0161i m\u011bs\u00ed\u010dn\u00ed\u00a0\u00faplaty za p\u0159ed\u0161koln\u00ed vzd\u011bl\u00e1v\u00e1n\u00ed\u00a0na obdob\u00ed \u0161koln\u00edho roku 2025\/2026 ve v\u0161ech mate\u0159sk\u00fdch \u0161kol\u00e1ch z\u0159izovan\u00fdch M\u010c Praha 4 ve v\u00fd\u0161i\u00a0\u00a01 500 K\u010d\u00a0 P\u0159ed\u0161koln\u00ed d\u011bti \/kter\u00e9 dovr\u0161\u00ed v dan\u00e9m \u0161koln\u00edm roce 6 let\/ jsou od \u00faplaty osvobozeny a t\u00e9\u017e d\u011bti z odkladem \u0161koln\u00ed doch\u00e1zky. Platbu \u0161koln\u00e9ho je&hellip;&nbsp;<a href=\"https:\/\/www.sporilovskams.cz\/trencinska\/platby\/\" class=\"\" rel=\"bookmark\">Read More &raquo;<span class=\"screen-reader-text\">Platby<\/span><\/a><\/p>\n","protected":false},"author":1,"featured_media":0,"parent":0,"menu_order":0,"comment_status":"closed","ping_status":"closed","template":"","meta":{"neve_meta_sidebar":"","neve_meta_container":"","neve_meta_enable_content_width":"off","neve_meta_content_width":100,"neve_meta_title_alignment":"","neve_meta_author_avatar":"","neve_post_elements_order":"","neve_meta_disable_header":"","neve_meta_disable_footer":"","neve_meta_disable_title":"","ngg_post_thumbnail":0,"footnotes":""},"class_list":["post-18","page","type-page","status-publish","hentry"],"_links":{"self":[{"href":"https:\/\/www.sporilovskams.cz\/trencinska\/wp-json\/wp\/v2\/pages\/18","targetHints":{"allow":["GET"]}}],"collection":[{"href":"https:\/\/www.sporilovskams.cz\/trencinska\/wp-json\/wp\/v2\/pages"}],"about":[{"href":"https:\/\/www.sporilovskams.cz\/trencinska\/wp-json\/wp\/v2\/types\/page"}],"author":[{"embeddable":true,"href":"https:\/\/www.sporilovskams.cz\/trencinska\/wp-json\/wp\/v2\/users\/1"}],"replies":[{"embeddable":true,"href":"https:\/\/www.sporilovskams.cz\/trencinska\/wp-json\/wp\/v2\/comments?post=18"}],"version-history":[{"count":73,"href":"https:\/\/www.sporilovskams.cz\/trencinska\/wp-json\/wp\/v2\/pages\/18\/revisions"}],"predecessor-version":[{"id":2629,"href":"https:\/\/www.sporilovskams.cz\/trencinska\/wp-json\/wp\/v2\/pages\/18\/revisions\/2629"}],"wp:attachment":[{"href":"https:\/\/www.sporilovskams.cz\/trencinska\/wp-json\/wp\/v2\/media?parent=18"}],"curies":[{"name":"wp","href":"https:\/\/api.w.org\/{rel}","templated":true}]}}